{"id":4868,"date":"2025-07-04T12:00:06","date_gmt":"2025-07-04T10:00:06","guid":{"rendered":"https:\/\/rutadelvinovaldeorras.com\/politica-de-privacidade\/"},"modified":"2025-12-23T12:19:03","modified_gmt":"2025-12-23T11:19:03","slug":"politica-de-privacidade","status":"publish","type":"page","link":"https:\/\/rutadelvinovaldeorras.com\/gl\/politica-de-privacidade\/","title":{"rendered":"Pol\u00edtica de privacidade"},"content":{"rendered":"\t\t<div data-elementor-type=\"wp-page\" data-elementor-id=\"4868\" class=\"elementor elementor-4868 elementor-889\" data-elementor-settings=\"{&quot;ha_cmc_init_switcher&quot;:&quot;no&quot;}\" data-elementor-post-type=\"page\">\n\t\t\t\t<div class=\"elementor-element elementor-element-6a77ace e-con-full e-flex e-con e-parent\" data-id=\"6a77ace\" data-element_type=\"container\" data-e-type=\"container\" data-settings=\"{&quot;background_background&quot;:&quot;classic&quot;,&quot;_ha_eqh_enable&quot;:false}\">\n\t\t<div class=\"elementor-element elementor-element-614015c e-flex e-con-boxed e-con e-child\" data-id=\"614015c\" data-element_type=\"container\" data-e-type=\"container\" data-settings=\"{&quot;_ha_eqh_enable&quot;:false}\">\n\t\t\t\t\t<div class=\"e-con-inner\">\n\t\t\t\t<div class=\"elementor-element elementor-element-9de0e52 elementor-invisible elementor-widget elementor-widget-heading\" data-id=\"9de0e52\" data-element_type=\"widget\" data-e-type=\"widget\" data-settings=\"{&quot;_animation&quot;:&quot;fadeInDown&quot;}\" data-widget_type=\"heading.default\">\n\t\t\t\t\t<h1 class=\"elementor-heading-title elementor-size-default\">Privacidade<\/h1>\t\t\t\t<\/div>\n\t\t\t\t\t<\/div>\n\t\t\t\t<\/div>\n\t\t\t\t<\/div>\n\t\t<div class=\"elementor-element elementor-element-3108052 e-con-full e-flex e-con e-parent\" data-id=\"3108052\" data-element_type=\"container\" data-e-type=\"container\" data-settings=\"{&quot;background_background&quot;:&quot;classic&quot;,&quot;_ha_eqh_enable&quot;:false}\">\n\t\t<div class=\"elementor-element elementor-element-4dbc906 e-flex e-con-boxed e-con e-child\" data-id=\"4dbc906\" data-element_type=\"container\" data-e-type=\"container\" data-settings=\"{&quot;_ha_eqh_enable&quot;:false}\">\n\t\t\t\t\t<div class=\"e-con-inner\">\n\t\t\t\t<div class=\"elementor-element elementor-element-5878e0c animated-fast elementor-invisible elementor-widget elementor-widget-heading\" data-id=\"5878e0c\" data-element_type=\"widget\" data-e-type=\"widget\" data-settings=\"{&quot;_animation&quot;:&quot;fadeInUp&quot;}\" data-widget_type=\"heading.default\">\n\t\t\t\t\t<h2 class=\"elementor-heading-title elementor-size-default\">Pol\u00edtica de privacidade Ruta do Vi\u00f1o Valdeorras <\/h2>\t\t\t\t<\/div>\n\t\t\t\t<div class=\"elementor-element elementor-element-8655eb8 animated-fast elementor-invisible elementor-widget elementor-widget-heading\" data-id=\"8655eb8\" data-element_type=\"widget\" data-e-type=\"widget\" data-settings=\"{&quot;_animation&quot;:&quot;fadeInUp&quot;,&quot;_animation_delay&quot;:200}\" data-widget_type=\"heading.default\">\n\t\t\t\t\t<h2 class=\"elementor-heading-title elementor-size-default\">A t\u00faa confianza \u00e9 a nosa prioridade<\/h2>\t\t\t\t<\/div>\n\t\t\t\t<div class=\"elementor-element elementor-element-1bf2cf2 animated-fast custom-text elementor-invisible elementor-widget elementor-widget-text-editor\" data-id=\"1bf2cf2\" data-element_type=\"widget\" data-e-type=\"widget\" data-settings=\"{&quot;_animation&quot;:&quot;fadeInDown&quot;}\" data-widget_type=\"text-editor.default\">\n\t\t\t\t\t\t\t\t\t<div>Mediante este aviso, a Asociaci\u00f3n Ruta do Vi\u00f1o de Valdeorras, con domicilio social en Ctra. Nacional 120, Km. 463, 32340 Vilamart\u00edn de Valdeorras (Ourense), e enderezo de correo <a href=\"mailto:info@rutadelvinovaldeorras.com\">info@rutadelvinovaldeorras.com<\/a>, informa aos usuarios do seu portal acerca da s\u00faa pol\u00edtica de protecci\u00f3n de datos de car\u00e1cter persoal. Isto permitir\u00e1 que os usuarios determinen, libre e voluntariamente, se desexan facilitar \u00e1 Asociaci\u00f3n Ruta do Vi\u00f1o de Valdeorras os Datos Persoais que se poidan requirir ou que se obte\u00f1an durante a subscrici\u00f3n ou alta nalg\u00fan dos servizos ofrecidos pola entidade.  <\/div><div> <\/div><div>A Asociaci\u00f3n Ruta do Vi\u00f1o de Valdeorras res\u00e9rvase o dereito de modificar a presente pol\u00edtica para adaptala a novidades lexislativas ou xurisprudenciais, as\u00ed como a pr\u00e1cticas da industria. En tales casos, anunciaranse os cambios con antelaci\u00f3n razoable \u00e1 s\u00faa implementaci\u00f3n nesta p\u00e1xina. <\/div><div> <\/div><div>A Asociaci\u00f3n Ruta do Vi\u00f1o de Valdeorras proporciona os recursos t\u00e9cnicos adecuados para que, con car\u00e1cter previo, os usuarios poidan acceder a este aviso sobre a Pol\u00edtica de Privacidade ou calquera outra informaci\u00f3n relevante e poidan prestar o seu consentimento para que proceda o tratamento automatizado dos seus Datos Persoais. Salvo nos campos nos que se indique o contrario, as respostas \u00e1s preguntas sobre Datos Persoais son voluntarias, e a falta de resposta non implicar\u00e1 unha diminuci\u00f3n na calidade ou cantidade dos servizos ofrecidos, salvo que se indique o contrario. <\/div><div><h3>Informaci\u00f3n adicional sobre os tratamentos<\/h3><h4>Responsable do tratamento<\/h4><ul><li><strong>Asociaci\u00f3n Ruta do Vi\u00f1o de Valdeorras<\/strong><\/li><li><strong>NIF:<\/strong> G32395246<\/li><li><strong>Enderezo postal: <\/strong>Ctra. Nacional 120, Km. 463, 32340 Vilamart\u00edn de Valdeorras (Orense) <\/li><li><strong>Correo electr\u00f3nico:<\/strong> <a href=\"mailto:info@rutadelvinovaldeorras.com\">info@rutadelvinovaldeorras.com<\/a><\/li><\/ul><h4>Finalidade do tratamento<\/h4><p>A finalidade do tratamento \u00e9 responder a consultas, solicitudes, suxesti\u00f3ns e xestionar a relaci\u00f3n que o usuario mante\u00f1a con n\u00f3s. Non se tomar\u00e1n decisi\u00f3ns automatizadas nin se elaborar\u00e1n perf\u00eds. <\/p><h4>Lexitimaci\u00f3n<\/h4><p>O tratamento bas\u00e9ase no interese lex\u00edtimo da asociaci\u00f3n para identificar \u00e1 persoa interesada, e\/ou no consentimento do usuario, que poder\u00e1 ser revogado en calquera momento, sen afectar \u00e1 legalidade do tratamento previo.<\/p><h4>Destinatarios<\/h4><p>Os datos non ser\u00e1n cedidos a terceiros, ag\u00e1s \u00e1s Administraci\u00f3ns P\u00fablicas que os soliciten en virtude de requirimento legal. Non se realizar\u00e1n transferencias internacionais de datos. <\/p><h4>Conservaci\u00f3n<\/h4><p>Os datos persoais conservaranse durante o tempo necesario para cumprir coa finalidade para a que foron recollidos e para determinar as responsabilidades que poidan derivarse do tratamento destes datos, ata que prescriban as responsabilidades legais.<\/p><h4>Dereitos<\/h4><p>As persoas interesadas te\u00f1en dereito a obter confirmaci\u00f3n sobre se estamos a tratar os seus datos persoais. Te\u00f1en tam\u00e9n dereito a acceder a eses datos, rectificalos se son inexactos, ou solicitar a s\u00faa supresi\u00f3n cando xa non sexan necesarios para os fins para os que foron recollidos. <\/p><p>As persoas interesadas poden revogar o seu consentimento en calquera momento, sen que iso afecte \u00e1 legalidade do tratamento previo. As\u00ed mesmo, poden opo\u00f1erse ao tratamento dos seus datos, nese caso deixaremos de tratalos, ag\u00e1s para o cumprimento dunha obriga legal. Tam\u00e9n poden solicitar a limitaci\u00f3n do tratamento dos seus datos, conserv\u00e1ndoos unicamente para o exercicio de reclamaci\u00f3ns ou para cumprir cunha obriga legal.  <\/p><p>En determinados casos (cando o tratamento se realice por medios automatizados e estea baseado no consentimento das persoas interesadas), estas poden solicitar a portabilidade dos seus datos para seren transferidos a outro responsable.<\/p><p>As persoas interesadas poden exercer estes dereitos enviando un escrito ao Responsable do Tratamento a trav\u00e9s do correo electr\u00f3nico <a href=\"mailto:info@rutadelvinovaldeorras.com\">info@rutadelvinovaldeorras.com.<\/a> Os modelos para este exercicio est\u00e1n dispo\u00f1ibles no mesmo enderezo de correo. <\/p><p>No caso de non recibir unha resposta satisfactoria, as persoas interesadas te\u00f1en a posibilidade de presentar unha reclamaci\u00f3n ante a Axencia Espa\u00f1ola de Protecci\u00f3n de Datos (<a href=\"https:\/\/www.aepd.es\" target=\"_blank\" rel=\"noopener\">www.aepd.es<\/a>).<\/p><p>Para m\u00e1is informaci\u00f3n sobre os seus dereitos, poden dirixirse \u00e1 Axencia Espa\u00f1ola de Protecci\u00f3n de Datos a trav\u00e9s da s\u00faa p\u00e1xina web: <a href=\"https:\/\/www.aepd.es\" target=\"_blank\" rel=\"noopener\">www.aepd.es<\/a>.<\/p><\/div>\t\t\t\t\t\t\t\t<\/div>\n\t\t\t\t<div class=\"elementor-element elementor-element-247a177 elementor-hidden-desktop elementor-hidden-tablet elementor-hidden-mobile elementor-widget elementor-widget-html\" data-id=\"247a177\" data-element_type=\"widget\" data-e-type=\"widget\" data-widget_type=\"html.default\">\n\t\t\t\t\t<style>.custom-text {\n    padding: 30px;\n    color: color: var(--e-global-color-text);\n    background-color: white;\n    border-style: solid;\n    border-width: 1px;\n    border-color: var(--e-global-color-cd92cf8);\n    background-color: var(--e-global-color-bb5a631);\n    background-color: white;\n    border-radius: 20px;\n    font-weight: 400!important;\n}\n.custom-text strong,\n.custom-text a{\n    color: var( --e-global-color-primary );\n    font-weight: 600!important;\n}\n.custom-text a:hover{\n    color: var( --e-global-color-primary );\n    text-decoration: underline;\n    font-weight: 600!important;\n}\n\/*\n.custom-text ol {\n      margin-bottom:20px;\n      font-weight:500;\n}\n.custom-text ol li {\n      color: var( --e-global-color-primary );\n}\n*\/\n.custom-text h2,\n.custom-text h3,\n.custom-text h4{\n  color: var( --e-global-color-primary );\n  color: var( --e-global-color-text );\n  font-weight: 500!important;\n  font-size: 24px;\n  line-height: 1.3em;\n  \/*text-transform: uppercase;*\/\n  margin-top: 30px;\n  font-family: var(--e-global-typography-primary-font-family), Sans-serif!important;\n}\n.custom-text h3,\n.custom-text h4{\n  \/*color: var( --e-global-color-text );*\/\n  font-size: 22px;\n}\n.custom-text h2:not(:first-of-type),\n.custom-text h3:not(:first-of-type),\n.custom-text h4:not(:first-of-type) {\n  margin-top: 30px;\n}\n.custom-text h2:first-child {\n  margin-top: 0px;\n}\n.custom-text ol,\n.custom-text ul {\n  display: block;\n  padding-top: 20px;\n  padding-bottom: 10px;\n  padding-right: 20px;\n  flex-direction: row;\n  align-items: center;\n  justify-content: start;\n  \/*background: #F1F2F8;*\/\n      background-color: var(--e-global-color-6112507);\n     \/* background-color: var(--e-global-color-accent);*\/\n\/*background: linear-gradient(90deg, rgba(255,255,255,1) 0%, rgba(222,236,253,1) 100%);*\/\n  margin-top: 20px;\n  margin-bottom: 20px;\n  border-radius: 0px; \n  background-color: white;\n      background-color: var(--e-global-color-bb5a631);\n    border:1px solid var(--e-global-color-cd92cf8);\n}\n.custom-text ul li::marker,\n.custom-text ol li::marker {\n    color: var( --e-global-color-primary );\n}\n.custom-text ol li,\n.custom-text ul li {\n  font-size: 16px!important;\n  margin: 0;\n  list-style:none;\n  list-style-type: square;\n  padding: 0 .2em; \/* indentation + .5em *\/\n  line-height: 1.2em; \/* default list item's `line-height` *\/\n  margin-bottom: 1em;\n  position: relative;\n  \/*color: var( --e-global-color-primary );*\/\n}\n.custom-text ol li:before,\n.custom-text ul li:before {\n    content:\"\";\n    top:0;\n    left:-20px;\n    position: absolute;\n    display: flex;\n    height: 100%;\n    \/*border-left:3px solid var( --e-global-color-primary );*\/\n}\n\n.custom-text ul li ul {\n  display: block;\n  padding-top: 20px;\n  padding-bottom: 10px;\n  padding-right: 20px;\n  flex-direction: row;\n  align-items: center;\n  justify-content: start;\n  background: rgb(255,255,255);\n\/*background: linear-gradient(90deg, rgba(255,255,255,1) 0%, rgba(222,236,253,1) 100%);*\/\n  margin-top: 20px;\n  margin-bottom: 20px;\n  margin-right: 20px;\n  border-radius: 0!important;\n}\n.custom-text ul li ul li {\n  margin: 0;\n  list-style:none;\n  padding: 0 .2em;\n  line-height: 1.2em;\n  margin-bottom: 1em;\n  position: relative;\n}\n.custom-text ul li ul li:before {\n    content:\"\";\n    top:0;\n    left:-20px;\n    position: absolute;\n    display: flex;\n    height: 100%;\n    border-left:3px solid var( --e-global-color-primary );\n}\n\n<\/style>\t\t\t\t<\/div>\n\t\t\t\t<div class=\"elementor-element elementor-element-80d5817 elementor-hidden-desktop elementor-hidden-tablet elementor-hidden-mobile elementor-widget elementor-widget-html\" data-id=\"80d5817\" data-element_type=\"widget\" data-e-type=\"widget\" data-widget_type=\"html.default\">\n\t\t\t\t\t<style>.custom-table{\n    margin-top: 50px;\n    margin-bottom: 50px;\n}\n.custom-table table {\n  width: 100%;\n  border-collapse: collapse;\n  background-color: var(--e-global-color-6112507);\n  box-shadow: 0 4px 8px rgba(0, 0, 0, 0.1);\n  border-radius: 12px;\n  overflow: hidden;\n}\n\n.custom-table thead {\n  background-color: var(--e-global-color-primary);\n  color: #fff;\n  font-size: 13px;\n  font-weight: 400!important;\n  text-transform: uppercase;\n  letter-spacing: 0.05em;\n}\n\n.custom-table th, .custom-table td {\n  padding: 16px 20px;\n  border: 1px solid var(--e-global-color-secondary);\n  text-align: left;\n  transition: background 0.3s ease;\n}\n\n.custom-table tbody tr:nth-child(even) {\n  background-color: #ffffff;\n}\n\n.custom-table tbody tr:nth-child(odd) {\n  background-color: var(--e-global-color-6112507);\n}\n\n.custom-table tbody tr:hover {\n  background-color: var(--e-global-color-accent)!important;\n  color: #000;\n}\n\n.custom-table a {\n  color: var(--e-global-color-accent);\n  font-weight: bold;\n  text-decoration: none;\n}\n\n.custom-table a:hover {\n  text-decoration: underline;\n}\n\n\n<\/style>\t\t\t\t<\/div>\n\t\t\t\t<div class=\"elementor-element elementor-element-272983b elementor-hidden-desktop elementor-hidden-tablet elementor-hidden-mobile elementor-widget elementor-widget-html\" data-id=\"272983b\" data-element_type=\"widget\" data-e-type=\"widget\" data-widget_type=\"html.default\">\n\t\t\t\t\t<style>.custom-footer-top{\n    background-color: white!important;\n}\n<\/style>\t\t\t\t<\/div>\n\t\t\t\t\t<\/div>\n\t\t\t\t<\/div>\n\t\t\t\t<\/div>\n\t\t\t\t<\/div>\n\t\t","protected":false},"excerpt":{"rendered":"<p>Privacidade Pol\u00edtica de privacidade Ruta do Vi\u00f1o Valdeorras A t\u00faa confianza \u00e9 a nosa prioridade Mediante este aviso, a Asociaci\u00f3n Ruta do Vi\u00f1o de Valdeorras, con domicilio social en Ctra. Nacional 120, Km. 463, 32340 Vilamart\u00edn de Valdeorras (Ourense), e enderezo de correo info@rutadelvinovaldeorras.com, informa aos usuarios do seu portal acerca da s\u00faa pol\u00edtica de [&hellip;]<\/p>\n","protected":false},"author":1,"featured_media":0,"parent":0,"menu_order":0,"comment_status":"closed","ping_status":"closed","template":"","meta":{"footnotes":""},"class_list":["post-4868","page","type-page","status-publish","hentry"],"yoast_head":"<!-- This site is optimized with the Yoast SEO plugin v27.5 - https:\/\/yoast.com\/product\/yoast-seo-wordpress\/ -->\n<title>Pol\u00edtica de privacidade - Ruta del Vino Valdeorras<\/title>\n<meta name=\"robots\" content=\"index, follow, max-snippet:-1, max-image-preview:large, max-video-preview:-1\" \/>\n<link rel=\"canonical\" href=\"https:\/\/rutadelvinovaldeorras.com\/gl\/politica-de-privacidade\/\" \/>\n<meta property=\"og:locale\" content=\"gl_ES\" \/>\n<meta property=\"og:type\" content=\"article\" \/>\n<meta property=\"og:title\" content=\"Pol\u00edtica de privacidade - Ruta del Vino Valdeorras\" \/>\n<meta property=\"og:description\" content=\"Privacidade Pol\u00edtica de privacidade Ruta do Vi\u00f1o Valdeorras A t\u00faa confianza \u00e9 a nosa prioridade Mediante este aviso, a Asociaci\u00f3n Ruta do Vi\u00f1o de Valdeorras, con domicilio social en Ctra. Nacional 120, Km. 463, 32340 Vilamart\u00edn de Valdeorras (Ourense), e enderezo de correo info@rutadelvinovaldeorras.com, informa aos usuarios do seu portal acerca da s\u00faa pol\u00edtica de [&hellip;]\" \/>\n<meta property=\"og:url\" content=\"https:\/\/rutadelvinovaldeorras.com\/gl\/politica-de-privacidade\/\" \/>\n<meta property=\"og:site_name\" content=\"Ruta del Vino Valdeorras\" \/>\n<meta property=\"article:publisher\" content=\"https:\/\/www.facebook.com\/RutadelVinoValdeorras\/\" \/>\n<meta property=\"article:modified_time\" content=\"2025-12-23T11:19:03+00:00\" \/>\n<meta name=\"twitter:card\" content=\"summary_large_image\" \/>\n<meta name=\"twitter:label1\" content=\"Tempo de lectura\" \/>\n\t<meta name=\"twitter:data1\" content=\"3 minutos\" \/>\n<script type=\"application\/ld+json\" class=\"yoast-schema-graph\">{\"@context\":\"https:\\\/\\\/schema.org\",\"@graph\":[{\"@type\":\"WebPage\",\"@id\":\"https:\\\/\\\/rutadelvinovaldeorras.com\\\/gl\\\/politica-de-privacidade\\\/\",\"url\":\"https:\\\/\\\/rutadelvinovaldeorras.com\\\/gl\\\/politica-de-privacidade\\\/\",\"name\":\"Pol\u00edtica de privacidade - Ruta del Vino Valdeorras\",\"isPartOf\":{\"@id\":\"https:\\\/\\\/rutadelvinovaldeorras.com\\\/#website\"},\"datePublished\":\"2025-07-04T10:00:06+00:00\",\"dateModified\":\"2025-12-23T11:19:03+00:00\",\"breadcrumb\":{\"@id\":\"https:\\\/\\\/rutadelvinovaldeorras.com\\\/gl\\\/politica-de-privacidade\\\/#breadcrumb\"},\"inLanguage\":\"gl-ES\",\"potentialAction\":[{\"@type\":\"ReadAction\",\"target\":[\"https:\\\/\\\/rutadelvinovaldeorras.com\\\/gl\\\/politica-de-privacidade\\\/\"]}]},{\"@type\":\"BreadcrumbList\",\"@id\":\"https:\\\/\\\/rutadelvinovaldeorras.com\\\/gl\\\/politica-de-privacidade\\\/#breadcrumb\",\"itemListElement\":[{\"@type\":\"ListItem\",\"position\":1,\"name\":\"Portada\",\"item\":\"https:\\\/\\\/rutadelvinovaldeorras.com\\\/gl\\\/\"},{\"@type\":\"ListItem\",\"position\":2,\"name\":\"Pol\u00edtica de privacidade\"}]},{\"@type\":\"WebSite\",\"@id\":\"https:\\\/\\\/rutadelvinovaldeorras.com\\\/#website\",\"url\":\"https:\\\/\\\/rutadelvinovaldeorras.com\\\/\",\"name\":\"Ruta del Vino Valdeorras\",\"description\":\"La Ruta del Vino de Valdeorras es un recorrido que nos transporta a trav\u00e9s de la historia y la cultura vin\u00edcola de una de las comarcas m\u00e1s singulares de Galicia.\",\"publisher\":{\"@id\":\"https:\\\/\\\/rutadelvinovaldeorras.com\\\/#organization\"},\"potentialAction\":[{\"@type\":\"SearchAction\",\"target\":{\"@type\":\"EntryPoint\",\"urlTemplate\":\"https:\\\/\\\/rutadelvinovaldeorras.com\\\/?s={search_term_string}\"},\"query-input\":{\"@type\":\"PropertyValueSpecification\",\"valueRequired\":true,\"valueName\":\"search_term_string\"}}],\"inLanguage\":\"gl-ES\"},{\"@type\":\"Organization\",\"@id\":\"https:\\\/\\\/rutadelvinovaldeorras.com\\\/#organization\",\"name\":\"Ruta del Vino Valdeorras\",\"url\":\"https:\\\/\\\/rutadelvinovaldeorras.com\\\/\",\"logo\":{\"@type\":\"ImageObject\",\"inLanguage\":\"gl-ES\",\"@id\":\"https:\\\/\\\/rutadelvinovaldeorras.com\\\/#\\\/schema\\\/logo\\\/image\\\/\",\"url\":\"https:\\\/\\\/rutadelvinovaldeorras.com\\\/wp-content\\\/uploads\\\/2025\\\/06\\\/valdeoras-color.svg\",\"contentUrl\":\"https:\\\/\\\/rutadelvinovaldeorras.com\\\/wp-content\\\/uploads\\\/2025\\\/06\\\/valdeoras-color.svg\",\"width\":884,\"height\":131,\"caption\":\"Ruta del Vino Valdeorras\"},\"image\":{\"@id\":\"https:\\\/\\\/rutadelvinovaldeorras.com\\\/#\\\/schema\\\/logo\\\/image\\\/\"},\"sameAs\":[\"https:\\\/\\\/www.facebook.com\\\/RutadelVinoValdeorras\\\/\",\"https:\\\/\\\/www.instagram.com\\\/ruta_vino_valdeorras\\\/\"]}]}<\/script>\n<!-- \/ Yoast SEO plugin. -->","yoast_head_json":{"title":"Pol\u00edtica de privacidade - Ruta del Vino Valdeorras","robots":{"index":"index","follow":"follow","max-snippet":"max-snippet:-1","max-image-preview":"max-image-preview:large","max-video-preview":"max-video-preview:-1"},"canonical":"https:\/\/rutadelvinovaldeorras.com\/gl\/politica-de-privacidade\/","og_locale":"gl_ES","og_type":"article","og_title":"Pol\u00edtica de privacidade - Ruta del Vino Valdeorras","og_description":"Privacidade Pol\u00edtica de privacidade Ruta do Vi\u00f1o Valdeorras A t\u00faa confianza \u00e9 a nosa prioridade Mediante este aviso, a Asociaci\u00f3n Ruta do Vi\u00f1o de Valdeorras, con domicilio social en Ctra. Nacional 120, Km. 463, 32340 Vilamart\u00edn de Valdeorras (Ourense), e enderezo de correo info@rutadelvinovaldeorras.com, informa aos usuarios do seu portal acerca da s\u00faa pol\u00edtica de [&hellip;]","og_url":"https:\/\/rutadelvinovaldeorras.com\/gl\/politica-de-privacidade\/","og_site_name":"Ruta del Vino Valdeorras","article_publisher":"https:\/\/www.facebook.com\/RutadelVinoValdeorras\/","article_modified_time":"2025-12-23T11:19:03+00:00","twitter_card":"summary_large_image","twitter_misc":{"Tempo de lectura":"3 minutos"},"schema":{"@context":"https:\/\/schema.org","@graph":[{"@type":"WebPage","@id":"https:\/\/rutadelvinovaldeorras.com\/gl\/politica-de-privacidade\/","url":"https:\/\/rutadelvinovaldeorras.com\/gl\/politica-de-privacidade\/","name":"Pol\u00edtica de privacidade - Ruta del Vino Valdeorras","isPartOf":{"@id":"https:\/\/rutadelvinovaldeorras.com\/#website"},"datePublished":"2025-07-04T10:00:06+00:00","dateModified":"2025-12-23T11:19:03+00:00","breadcrumb":{"@id":"https:\/\/rutadelvinovaldeorras.com\/gl\/politica-de-privacidade\/#breadcrumb"},"inLanguage":"gl-ES","potentialAction":[{"@type":"ReadAction","target":["https:\/\/rutadelvinovaldeorras.com\/gl\/politica-de-privacidade\/"]}]},{"@type":"BreadcrumbList","@id":"https:\/\/rutadelvinovaldeorras.com\/gl\/politica-de-privacidade\/#breadcrumb","itemListElement":[{"@type":"ListItem","position":1,"name":"Portada","item":"https:\/\/rutadelvinovaldeorras.com\/gl\/"},{"@type":"ListItem","position":2,"name":"Pol\u00edtica de privacidade"}]},{"@type":"WebSite","@id":"https:\/\/rutadelvinovaldeorras.com\/#website","url":"https:\/\/rutadelvinovaldeorras.com\/","name":"Ruta del Vino Valdeorras","description":"La Ruta del Vino de Valdeorras es un recorrido que nos transporta a trav\u00e9s de la historia y la cultura vin\u00edcola de una de las comarcas m\u00e1s singulares de Galicia.","publisher":{"@id":"https:\/\/rutadelvinovaldeorras.com\/#organization"},"potentialAction":[{"@type":"SearchAction","target":{"@type":"EntryPoint","urlTemplate":"https:\/\/rutadelvinovaldeorras.com\/?s={search_term_string}"},"query-input":{"@type":"PropertyValueSpecification","valueRequired":true,"valueName":"search_term_string"}}],"inLanguage":"gl-ES"},{"@type":"Organization","@id":"https:\/\/rutadelvinovaldeorras.com\/#organization","name":"Ruta del Vino Valdeorras","url":"https:\/\/rutadelvinovaldeorras.com\/","logo":{"@type":"ImageObject","inLanguage":"gl-ES","@id":"https:\/\/rutadelvinovaldeorras.com\/#\/schema\/logo\/image\/","url":"https:\/\/rutadelvinovaldeorras.com\/wp-content\/uploads\/2025\/06\/valdeoras-color.svg","contentUrl":"https:\/\/rutadelvinovaldeorras.com\/wp-content\/uploads\/2025\/06\/valdeoras-color.svg","width":884,"height":131,"caption":"Ruta del Vino Valdeorras"},"image":{"@id":"https:\/\/rutadelvinovaldeorras.com\/#\/schema\/logo\/image\/"},"sameAs":["https:\/\/www.facebook.com\/RutadelVinoValdeorras\/","https:\/\/www.instagram.com\/ruta_vino_valdeorras\/"]}]}},"_links":{"self":[{"href":"https:\/\/rutadelvinovaldeorras.com\/gl\/wp-json\/wp\/v2\/pages\/4868","targetHints":{"allow":["GET"]}}],"collection":[{"href":"https:\/\/rutadelvinovaldeorras.com\/gl\/wp-json\/wp\/v2\/pages"}],"about":[{"href":"https:\/\/rutadelvinovaldeorras.com\/gl\/wp-json\/wp\/v2\/types\/page"}],"author":[{"embeddable":true,"href":"https:\/\/rutadelvinovaldeorras.com\/gl\/wp-json\/wp\/v2\/users\/1"}],"replies":[{"embeddable":true,"href":"https:\/\/rutadelvinovaldeorras.com\/gl\/wp-json\/wp\/v2\/comments?post=4868"}],"version-history":[{"count":1,"href":"https:\/\/rutadelvinovaldeorras.com\/gl\/wp-json\/wp\/v2\/pages\/4868\/revisions"}],"predecessor-version":[{"id":4869,"href":"https:\/\/rutadelvinovaldeorras.com\/gl\/wp-json\/wp\/v2\/pages\/4868\/revisions\/4869"}],"wp:attachment":[{"href":"https:\/\/rutadelvinovaldeorras.com\/gl\/wp-json\/wp\/v2\/media?parent=4868"}],"curies":[{"name":"wp","href":"https:\/\/api.w.org\/{rel}","templated":true}]}}